{"id":29036,"date":"2014-12-29T08:38:12","date_gmt":"2014-12-29T07:38:12","guid":{"rendered":"http:\/\/www.ploegsteert.info\/blog\/?page_id=29036"},"modified":"2018-03-02T08:27:25","modified_gmt":"2018-03-02T07:27:25","slug":"agenda-des-diverses-activites-paroissiales","status":"publish","type":"page","link":"https:\/\/www.ploegsteert.info\/blog\/?page_id=29036","title":{"rendered":"Agenda des paroisses"},"content":{"rendered":"<p>Agenda des diverses activit\u00e9s paroissiales telles que les r\u00e9unions,  rassemblements de pri\u00e8res, les formations, les \u00e9v\u00e9nements culturels associ\u00e9s au sein d\u2019une de nos paroisses.<\/p>\n<p>Mars 2018<br \/>\nHoraire des messes<br \/>\nParoisse Saint-\u00adChrysole, Comines<\/p>\n<p>Dimanche 25 f\u00e9vrier, 10h30 : messe pour la communaut\u00e9 paroissiale ; messe anniversaire pour Maurice Trooster.<br \/>\nLundi 26 f\u00e9vrier, 18h30 : petite chapelle du coll\u00e8ge, messe ; 19h : pri\u00e8re des mamans.<br \/>\nMardi 27 f\u00e9vrier, 8h30 : chapelle, messe en l&rsquo;honneur de sainte Rita.<br \/>\nJeudi 1er mars, 8h30 : messe pour les pr\u00eatres d\u00e9c\u00e9d\u00e9s de la paroisse ; de 14h \u00e0 15h : chapelle, adoration.<br \/>\nSamedi 3 mars, 17h30 : chapelle, messe pour un d\u00e9funt (F.D.).<br \/>\nDimanche 4 mars, 10h30 : messe pour la communaut\u00e9 paroissiale ; messe pour les familles Leroy-Landre et Roetynck-Platevoet.<br \/>\nLundi 5 mars, 18h30 : petite chapelle du coll\u00e8ge, messe ; 19h : pri\u00e8re des mamans.<br \/>\nMardi 6 mars, 8h30 :      chapelle, messe en l&rsquo;honneur de sainte Rita.<br \/>\nJeudi 8 mars, 8h30 : chapelle, messe pour une d\u00e9funte (T.M.).<br \/>\nDimanche 11 mars, 10h30 : messe pour la communaut\u00e9 paroissiale ; messe anniversaire pour Georges Hennebo.<\/p>\n<p>Paroisse Saint Andr\u00e9 Le Bizet<br \/>\nSamedi 24 f\u00e9vrier, 17h30 : messe pour la famille C.M.E.D.<br \/>\nLundi 26 f\u00e9vrier, 18h : messe en l&rsquo;honneur de Notre-Dame de Consolation.<br \/>\nMercredi 28 f\u00e9vrier, 18h : messe pour J.W.<br \/>\nVendredi 2 mars, 18h : messe pour la famille Fr\u00e9maut et ses d\u00e9funts ; messe pour la famille Carpentier-Desoutter.<br \/>\nSamedi 3 mars, 17h30 : messe pour la famille Hazebroucq-Hennion.<br \/>\nLundi 5 mars, 18h : messe pour des d\u00e9funts.<br \/>\nMercredi 7 mars, 18h : messe pour J.W.<br \/>\nVendredi 9 mars, 18h : messe pour la famille P\u00e9tillon.<br \/>\nSamedi 10 mars, 17h30 : messe pour une intention particuli\u00e8re CE W.E.                                                                                                       <\/p>\n<p>Paroisse Saints\u00ad Pierre \u00adet \u00adPaul, Ploegsteert<br \/>\nDimanche 25 f\u00e9vrier, 9h30 : messe souvenir pour la famille Vandersyppe-Vanthuyne.<br \/>\nMardi 27 f\u00e9vrier, 18h : messe pour les d\u00e9funts des familles P.W.-D.S.<br \/>\nJeudi 1er mars, de 17h \u00e0 18h : adoration suivie de la messe.<br \/>\nMardi 6 mars, 18h : messe pour les d\u00e9funts des familles P.W.-D.S.<br \/>\nSamedi 10 mars, 13h30 : mariage de Robin Vandenberghe et de Na\u00efs Bonte.<br \/>\nDimanche 11 mars, 9h30 : messe souvenir pour la famille Vanthuyne-Wybaillie.   <\/p>\n<p>Paroisse Saints \u00adPierre \u00adet \u00adPaul, Warneton<br \/>\nMercredi 28 f\u00e9vrier, 18h : messe pour les paroissiens.<br \/>\nDimanche 4 mars, 9h30 : messe pour les paroissiens.<br \/>\nMercredi 7 mars, 18h : messe pour les paroissiens.         <\/p>\n<p>Paroisse Notre\u00ad-Dame de l&rsquo;Assomption, Houthem<br \/>\nSamedi 24 f\u00e9vrier, 17h30 : messe pour une gu\u00e9rison ; messe anniversaire pour Ren\u00e9 Degryse.<br \/>\nVendredi 2 mars, 18h30 : messe.<br \/>\nVendredi 9 mars, 18h30 : messe pour les d\u00e9funts de la paroisse (fruit du tronc du fond de l&rsquo;\u00e9glise).<br \/>\nSamedi 10 mars, 17h30 : messe anniversaire pour Albertine Halot ; messe anniversaire pour Guy Clausse, Paulette No\u00ebl, Marcel Guiot, Maurits Rosseel et les d\u00e9funts de la famille.   <\/p>\n<p>Paroisse Saint\u00ad-Martin, Bas-\u00adWarneton<br \/>\nDimanche 25 f\u00e9vrier, 11h : messe dominicale, messe pour les \u00e9poux L\u00e9on et Marie-Louise Ghesqui\u00e8re-Guilbert.<br \/>\nMercredi 28 f\u00e9vrier, 8h30 : messe hebdomadaire.<br \/>\nMercredi 7 mars, 8h30 : messe hebdomadaire.      <\/p>\n<p>Paroisse Saint-\u00adEloi, Ten \u00adBrielen<br \/>\nDimanche 25 f\u00e9vrier, 9h15 : messe dominicale.<br \/>\nDimanche 11 mars, 9h15 : messe dominicale.<\/p>\n<p>D\u00e9c\u00e8s<br \/>\nMonique Desmytter de Warneton, le 7 f\u00e9vrier \u00e0 l&rsquo;\u00e2ge de 83 ans.<br \/>\nH\u00e9l\u00e8ne Montaigne de Comines-ten-Brielen le 9 f\u00e9vrier \u00e0 l&rsquo;\u00e2ge de 89 ans.<br \/>\nLaura Cool de Comines, le 9 f\u00e9vrier \u00e0 l&rsquo;\u00e2ge de 887 ans.<br \/>\nJean-Pierre Deigers de Ploegsteert, le 10 f\u00e9vrier \u00e0 l&rsquo;\u00e2ge de 75 ans.<br \/>\nRaymonde P\u00e9tillion de Comines, le 10 f\u00e9vrier \u00e0 l&rsquo;\u00e2ge de 81 ans.<br \/>\nDenise Vandeparre du Bizet, le 11 f\u00e9vrier \u00e0 l&rsquo;\u00e2ge de 85 ans.<br \/>\nAlain Heughebaert de Ploegsteert, le 11 f\u00e9vrier \u00e0 l&rsquo;\u00e2ge de 70 ans.<br \/>\nPierre Debourse d&rsquo;Houthem, le 12 f\u00e9vrier \u00e0 l&rsquo;\u00e2ge de 88 ans.<br \/>\nJacqueline Vantomme du Bizet, le 12 f\u00e9vrier \u00e0 l&rsquo;\u00e2ge de 77 ans.<br \/>\nGeorgette Roose de Warneton, le 13 f\u00e9vrier \u00e0 l&rsquo;\u00e2ge de 72 ans.<\/p>\n<p>Mariages<\/p>\n<p>Bapt\u00eames<\/p>\n","protected":false},"excerpt":{"rendered":"<p>Agenda des diverses activit\u00e9s paroissiales telles que les r\u00e9unions, rassemblements de pri\u00e8res, les formations, les \u00e9v\u00e9nements culturels associ\u00e9s au sein d\u2019une de nos paroisses. Mars 2018 Horaire des messes Paroisse Saint-\u00adChrysole, Comines Dimanche 25 f\u00e9vrier, 10h30 : messe pour la communaut\u00e9 paroissiale ; messe anniversaire pour Maurice Trooster. Lundi 26 f\u00e9vrier, 18h30 : petite chapelle [&hellip;]<\/p>\n","protected":false},"author":1,"featured_media":0,"parent":0,"menu_order":0,"comment_status":"open","ping_status":"closed","template":"","meta":{"_expiration-date-status":"saved","_expiration-date":0,"_expiration-date-type":"","_expiration-date-categories":[],"_expiration-date-options":[]},"yoast_head":"<!-- This site is optimized with the Yoast SEO plugin v18.4.1 - https:\/\/yoast.com\/wordpress\/plugins\/seo\/ -->\n<title>Agenda des paroisses - Ploegsteert et la Region en photos et cartes postales<\/title>\n<meta name=\"robots\" content=\"index, follow, max-snippet:-1, max-image-preview:large, max-video-preview:-1\" \/>\n<link rel=\"canonical\" href=\"https:\/\/www.ploegsteert.info\/blog\/?page_id=29036\" \/>\n<meta property=\"og:locale\" content=\"fr_FR\" \/>\n<meta property=\"og:type\" content=\"article\" \/>\n<meta property=\"og:title\" content=\"Agenda des paroisses - Ploegsteert et la Region en photos et cartes postales\" \/>\n<meta property=\"og:description\" content=\"Agenda des diverses activit\u00e9s paroissiales telles que les r\u00e9unions, rassemblements de pri\u00e8res, les formations, les \u00e9v\u00e9nements culturels associ\u00e9s au sein d\u2019une de nos paroisses. Mars 2018 Horaire des messes Paroisse Saint-\u00adChrysole, Comines Dimanche 25 f\u00e9vrier, 10h30 : messe pour la communaut\u00e9 paroissiale ; messe anniversaire pour Maurice Trooster. Lundi 26 f\u00e9vrier, 18h30 : petite chapelle [&hellip;]\" \/>\n<meta property=\"og:url\" content=\"https:\/\/www.ploegsteert.info\/blog\/?page_id=29036\" \/>\n<meta property=\"og:site_name\" content=\"Ploegsteert et la Region en photos et cartes postales\" \/>\n<meta property=\"article:modified_time\" content=\"2018-03-02T07:27:25+00:00\" \/>\n<meta name=\"twitter:label1\" content=\"Dur\u00e9e de lecture estim\u00e9e\" \/>\n\t<meta name=\"twitter:data1\" content=\"3 minutes\" \/>\n<script type=\"application\/ld+json\" class=\"yoast-schema-graph\">{\"@context\":\"https:\/\/schema.org\",\"@graph\":[{\"@type\":\"WebSite\",\"@id\":\"http:\/\/www.ploegsteert.info\/blog\/#website\",\"url\":\"http:\/\/www.ploegsteert.info\/blog\/\",\"name\":\"Ploegsteert et la Region en photos et cartes postales\",\"description\":\"\",\"potentialAction\":[{\"@type\":\"SearchAction\",\"target\":{\"@type\":\"EntryPoint\",\"urlTemplate\":\"http:\/\/www.ploegsteert.info\/blog\/?s={search_term_string}\"},\"query-input\":\"required name=search_term_string\"}],\"inLanguage\":\"fr-FR\"},{\"@type\":\"WebPage\",\"@id\":\"https:\/\/www.ploegsteert.info\/blog\/?page_id=29036#webpage\",\"url\":\"https:\/\/www.ploegsteert.info\/blog\/?page_id=29036\",\"name\":\"Agenda des paroisses - Ploegsteert et la Region en photos et cartes postales\",\"isPartOf\":{\"@id\":\"http:\/\/www.ploegsteert.info\/blog\/#website\"},\"datePublished\":\"2014-12-29T07:38:12+00:00\",\"dateModified\":\"2018-03-02T07:27:25+00:00\",\"breadcrumb\":{\"@id\":\"https:\/\/www.ploegsteert.info\/blog\/?page_id=29036#breadcrumb\"},\"inLanguage\":\"fr-FR\",\"potentialAction\":[{\"@type\":\"ReadAction\",\"target\":[\"https:\/\/www.ploegsteert.info\/blog\/?page_id=29036\"]}]},{\"@type\":\"BreadcrumbList\",\"@id\":\"https:\/\/www.ploegsteert.info\/blog\/?page_id=29036#breadcrumb\",\"itemListElement\":[{\"@type\":\"ListItem\",\"position\":1,\"name\":\"Accueil\",\"item\":\"http:\/\/www.ploegsteert.info\/blog\"},{\"@type\":\"ListItem\",\"position\":2,\"name\":\"Agenda des paroisses\"}]}]}<\/script>\n<!-- \/ Yoast SEO plugin. -->","yoast_head_json":{"title":"Agenda des paroisses - Ploegsteert et la Region en photos et cartes postales","robots":{"index":"index","follow":"follow","max-snippet":"max-snippet:-1","max-image-preview":"max-image-preview:large","max-video-preview":"max-video-preview:-1"},"canonical":"https:\/\/www.ploegsteert.info\/blog\/?page_id=29036","og_locale":"fr_FR","og_type":"article","og_title":"Agenda des paroisses - Ploegsteert et la Region en photos et cartes postales","og_description":"Agenda des diverses activit\u00e9s paroissiales telles que les r\u00e9unions, rassemblements de pri\u00e8res, les formations, les \u00e9v\u00e9nements culturels associ\u00e9s au sein d\u2019une de nos paroisses. Mars 2018 Horaire des messes Paroisse Saint-\u00adChrysole, Comines Dimanche 25 f\u00e9vrier, 10h30 : messe pour la communaut\u00e9 paroissiale ; messe anniversaire pour Maurice Trooster. Lundi 26 f\u00e9vrier, 18h30 : petite chapelle [&hellip;]","og_url":"https:\/\/www.ploegsteert.info\/blog\/?page_id=29036","og_site_name":"Ploegsteert et la Region en photos et cartes postales","article_modified_time":"2018-03-02T07:27:25+00:00","twitter_misc":{"Dur\u00e9e de lecture estim\u00e9e":"3 minutes"},"schema":{"@context":"https:\/\/schema.org","@graph":[{"@type":"WebSite","@id":"http:\/\/www.ploegsteert.info\/blog\/#website","url":"http:\/\/www.ploegsteert.info\/blog\/","name":"Ploegsteert et la Region en photos et cartes postales","description":"","potentialAction":[{"@type":"SearchAction","target":{"@type":"EntryPoint","urlTemplate":"http:\/\/www.ploegsteert.info\/blog\/?s={search_term_string}"},"query-input":"required name=search_term_string"}],"inLanguage":"fr-FR"},{"@type":"WebPage","@id":"https:\/\/www.ploegsteert.info\/blog\/?page_id=29036#webpage","url":"https:\/\/www.ploegsteert.info\/blog\/?page_id=29036","name":"Agenda des paroisses - Ploegsteert et la Region en photos et cartes postales","isPartOf":{"@id":"http:\/\/www.ploegsteert.info\/blog\/#website"},"datePublished":"2014-12-29T07:38:12+00:00","dateModified":"2018-03-02T07:27:25+00:00","breadcrumb":{"@id":"https:\/\/www.ploegsteert.info\/blog\/?page_id=29036#breadcrumb"},"inLanguage":"fr-FR","potentialAction":[{"@type":"ReadAction","target":["https:\/\/www.ploegsteert.info\/blog\/?page_id=29036"]}]},{"@type":"BreadcrumbList","@id":"https:\/\/www.ploegsteert.info\/blog\/?page_id=29036#breadcrumb","itemListElement":[{"@type":"ListItem","position":1,"name":"Accueil","item":"http:\/\/www.ploegsteert.info\/blog"},{"@type":"ListItem","position":2,"name":"Agenda des paroisses"}]}]}},"_links":{"self":[{"href":"https:\/\/www.ploegsteert.info\/blog\/index.php?rest_route=\/wp\/v2\/pages\/29036"}],"collection":[{"href":"https:\/\/www.ploegsteert.info\/blog\/index.php?rest_route=\/wp\/v2\/pages"}],"about":[{"href":"https:\/\/www.ploegsteert.info\/blog\/index.php?rest_route=\/wp\/v2\/types\/page"}],"author":[{"embeddable":true,"href":"https:\/\/www.ploegsteert.info\/blog\/index.php?rest_route=\/wp\/v2\/users\/1"}],"replies":[{"embeddable":true,"href":"https:\/\/www.ploegsteert.info\/blog\/index.php?rest_route=%2Fwp%2Fv2%2Fcomments&post=29036"}],"version-history":[{"count":0,"href":"https:\/\/www.ploegsteert.info\/blog\/index.php?rest_route=\/wp\/v2\/pages\/29036\/revisions"}],"wp:attachment":[{"href":"https:\/\/www.ploegsteert.info\/blog\/index.php?rest_route=%2Fwp%2Fv2%2Fmedia&parent=29036"}],"curies":[{"name":"wp","href":"https:\/\/api.w.org\/{rel}","templated":true}]}}